{"id":3046,"date":"2016-02-23T14:28:26","date_gmt":"2016-02-23T14:28:26","guid":{"rendered":"http:\/\/matronasdenavarra.com\/wp\/la-asociacion-2\/"},"modified":"2023-02-21T13:53:09","modified_gmt":"2023-02-21T12:53:09","slug":"asociate","status":"publish","type":"page","link":"http:\/\/matronasdenavarra.com\/EU\/la-asociacion\/asociate\/","title":{"rendered":"Asociate"},"content":{"rendered":"<div class=\"row \">\n<div class=\"span5 \"><h2>Ventajas de asociarse<\/h2>\n<h5>INFORMACI\u00d3N, FORMACI\u00d3N Y PARTICIPACI\u00d3N<\/h5>\n<h2><img loading=\"lazy\" decoding=\"async\" class=\"alignnone wp-image-2910 size-full\" src=\"http:\/\/matronasdenavarra.com\/wp\/wp-content\/uploads\/2011\/07\/imagenprueba1quienesomos.jpg\" alt=\"\" width=\"400\" height=\"178\" srcset=\"http:\/\/matronasdenavarra.com\/wp-content\/uploads\/2011\/07\/imagenprueba1quienesomos.jpg 400w, http:\/\/matronasdenavarra.com\/wp-content\/uploads\/2011\/07\/imagenprueba1quienesomos-300x134.jpg 300w\" sizes=\"auto, (max-width: 400px) 100vw, 400px\" \/><\/h2>\n<div class=\"list styled arrow-list\">\n<ul>\n<li style=\"text-align: justify;\"><strong><span style=\"color: #ee7cab;\">Informaci\u00f3n<\/span><\/strong> actualizada de novedades, formaci\u00f3n y recursos para matronas a \u00a0nivel regional y nacional v\u00eda email.<\/li>\n<li style=\"text-align: justify;\"><strong><span style=\"color: #ee7cab;\">Participaci\u00f3n<\/span><\/strong> en las iniciativas de la Asociaci\u00f3n para conseguir objetivos a nivel institucional, y contribuir al desarrollo de la profesi\u00f3n de MATRONA en la Comunidad de Navarra.<\/li>\n<li style=\"text-align: justify;\"><strong><span style=\"color: #ee7cab;\">Preferencia en la inscripci\u00f3n<\/span><\/strong> en los cursos organizados por ANAMA.<\/li>\n<li style=\"text-align: justify;\"><strong><span style=\"color: #ee7cab;\">Descuentos<\/span><\/strong> en las tarifas de inscripci\u00f3n de los <strong><span style=\"color: #ee7cab;\">cursos y talleres<\/span><\/strong> organizados por ANAMA (siempre que el estado de las cuentas lo permita), cursos y congresos de la FAME (siempre estando al corriente de las cuotas)<\/li>\n<\/ul>\n<\/div>\n<h2><\/h2>\n<h2>\u00bfCu\u00e1nto cuesta?<\/h2>\n<h5>LO JUSTO PARA SEGUIR DEFENDIENDO LA PROFESI\u00d3N<\/h5>\n<p>La<strong><span style=\"color: #ee7cab;\"> cuota anual es de 50 euros<\/span> <\/strong>y se cobra a trav\u00e9s de domiciliaci\u00f3n bancaria alrededor del mes de Mayo.<\/p><\/div>\n<div class=\"span5 \"><h2>\u00bfC\u00f3mo asociarse?<\/h2>\n<h5>TRES SENCILLOS PASOS PARA SER MIEMBRO<\/h5>\n<p><img loading=\"lazy\" decoding=\"async\" class=\"alignnone wp-image-3146 size-full\" src=\"http:\/\/matronasdenavarra.com\/wp\/wp-content\/uploads\/2016\/02\/inscripcionnuevo.jpg\" alt=\"\" width=\"400\" height=\"178\" srcset=\"http:\/\/matronasdenavarra.com\/wp-content\/uploads\/2016\/02\/inscripcionnuevo.jpg 400w, http:\/\/matronasdenavarra.com\/wp-content\/uploads\/2016\/02\/inscripcionnuevo-300x134.jpg 300w\" sizes=\"auto, (max-width: 400px) 100vw, 400px\" \/><\/p>\n<p>1- Descarga\u00a0y rellena los formularios de inscripci\u00f3n (filiaci\u00f3n y domiciliaci\u00f3n bancaria)<\/p>\n<p>2-Cumplimenta tus datos personales y laborales, y tambi\u00e9n los datos bancarios completos y tu firma, para poder domiciliar el pago de la cuota anual. Deber\u00e1s hacer el pago en el Banco Popular n\u00famero de cuenta ES74 00754610120600085669\u00a0 y hacernos llegar adem\u00e1s de la inscripci\u00f3n el justificante de pago.<\/p>\n<div class=\"list styled arrow-list\">\n<ul>\n<li><a title=\"Datos filiacion asociada ANAMA\" href=\"http:\/\/matronasdenavarra.com\/wp-content\/uploads\/2020\/12\/datos_filiacion_2020.doc\" target=\"_blank\" rel=\"noopener\">Descargar documento de Filiaci\u00f3n Asociada y domiciliaci\u00f3n bancaria<\/a><\/li>\n<\/ul>\n<\/div>\n<p>3-Haznos llegar los documentos\u00a0por cualquiera de los siguientes m\u00e9todos:<\/p>\n<div class=\"list styled arrow-list\">\n<ul>\n<li>Por email: <b>tesoreria@matronasdenavarra.com<\/b><\/li>\n<li><b><\/b>Por correo ordinario\u00a0 a la direcci\u00f3n postal:\u00a0<strong>ANAMA.\u00a0<\/strong> C\/Pintor Maeztu 4\u00a0- 1\u00b0 A 31008 Pamplona (Navarra)<\/li>\n<\/ul>\n<\/div>\n<p>Si quieres ampliar informaci\u00f3n o tienes dudas escr\u00edbenos a <strong>info@matronasdenavarra.com<\/strong><br \/>\n<div class=\"list styled arrow-list\">\n<ul>\n<li><a title=\"Darse de baja\" href=\"\/wp-content\/uploads\/2015\/04\/datos_filiacion.doc\" target=\"_blank\" rel=\"noopener\">Darse de baja en la asociaci\u00f3n<\/a><\/li>\n<\/ul>\n<\/div><\/div>\n<\/div><!-- .row (end) -->","protected":false},"excerpt":{"rendered":"","protected":false},"author":3,"featured_media":0,"parent":1797,"menu_order":4,"comment_status":"open","ping_status":"closed","template":"page-la-asociacion.php","meta":{"footnotes":""},"class_list":["post-3046","page","type-page","status-publish","hentry"],"_links":{"self":[{"href":"http:\/\/matronasdenavarra.com\/EU\/wp-json\/wp\/v2\/pages\/3046","targetHints":{"allow":["GET"]}}],"collection":[{"href":"http:\/\/matronasdenavarra.com\/EU\/wp-json\/wp\/v2\/pages"}],"about":[{"href":"http:\/\/matronasdenavarra.com\/EU\/wp-json\/wp\/v2\/types\/page"}],"author":[{"embeddable":true,"href":"http:\/\/matronasdenavarra.com\/EU\/wp-json\/wp\/v2\/users\/3"}],"replies":[{"embeddable":true,"href":"http:\/\/matronasdenavarra.com\/EU\/wp-json\/wp\/v2\/comments?post=3046"}],"version-history":[{"count":59,"href":"http:\/\/matronasdenavarra.com\/EU\/wp-json\/wp\/v2\/pages\/3046\/revisions"}],"predecessor-version":[{"id":3908,"href":"http:\/\/matronasdenavarra.com\/EU\/wp-json\/wp\/v2\/pages\/3046\/revisions\/3908"}],"up":[{"embeddable":true,"href":"http:\/\/matronasdenavarra.com\/EU\/wp-json\/wp\/v2\/pages\/1797"}],"wp:attachment":[{"href":"http:\/\/matronasdenavarra.com\/EU\/wp-json\/wp\/v2\/media?parent=3046"}],"curies":[{"name":"wp","href":"https:\/\/api.w.org\/{rel}","templated":true}]}}