{"id":2083,"date":"2015-02-19T14:29:37","date_gmt":"2015-02-19T14:29:37","guid":{"rendered":"http:\/\/gestoresweb.piesnegros.com\/gestoresweb\/?page_id=2083"},"modified":"2016-05-03T06:31:56","modified_gmt":"2016-05-03T06:31:56","slug":"dia-de-la-matrona","status":"publish","type":"page","link":"http:\/\/matronasdenavarra.com\/EU\/actividades\/dia-de-la-matrona\/","title":{"rendered":"D\u00eda de la Matrona"},"content":{"rendered":"<p><strong><span style=\"color: #ee7cab;\">Cada 5 de mayo en el\u00a0D\u00eda Internacional de la Matrona celebramos los \u00e9xitos de las matronas y la importancia de nuestro trabajo.<\/span><\/strong> Es tambi\u00e9n un d\u00eda para <strong><span style=\"color: #ee7cab;\">reiterar y llamar la atenci\u00f3n\u00a0hacia las mejoras<\/span> <\/strong>que todav\u00eda se necesitan para garantizar que todas las mujeres tengan acceso\u00a0a una matrona cualificada.<\/p>\n<p><img loading=\"lazy\" decoding=\"async\" class=\" wp-image-3156 size-medium alignleft\" src=\"http:\/\/matronasdenavarra.com\/wp\/wp-content\/uploads\/2015\/02\/socialmedia-Spanish-IDM2016-leaderboard-espanol-300x37.png\" alt=\"socialmedia-Spanish-IDM2016-leaderboard-espanol\" width=\"300\" height=\"37\" srcset=\"http:\/\/matronasdenavarra.com\/wp-content\/uploads\/2015\/02\/socialmedia-Spanish-IDM2016-leaderboard-espanol-300x37.png 300w, http:\/\/matronasdenavarra.com\/wp-content\/uploads\/2015\/02\/socialmedia-Spanish-IDM2016-leaderboard-espanol.png 728w\" sizes=\"auto, (max-width: 300px) 100vw, 300px\" \/>Para una matrona, \u00bfqu\u00e9 es m\u00e1s importante que asegurarse\u00a0de que cada mujer y reci\u00e9n nacido tengan acceso a la mejor atenci\u00f3n posible antes,\u00a0durante y despu\u00e9s del embarazo y el parto?. Y para una mujer embarazada o dando a luz,\u00a0\u00bfqu\u00e9 puede ser mejor que la buena compa\u00f1\u00eda de una matrona cualificada? Esto es algo a lo\u00a0que cada mujer debe tener acceso.<\/p>\n<p><strong><span style=\"color: #ee7cab;\"><a href=\"http:\/\/matronasdenavarra.com\/wp\/wp-content\/uploads\/2015\/02\/diamatronanama2016.jpg\" target=\"_blank\"><img loading=\"lazy\" decoding=\"async\" class=\"  alignleft wp-image-3246\" src=\"http:\/\/matronasdenavarra.com\/wp\/wp-content\/uploads\/2015\/02\/diamatronanama2016.jpg\" alt=\"diamatronanama2016\" width=\"305\" height=\"486\" \/><\/a><\/span><\/strong><\/p>\n<p><strong>Este a\u00f1o el tema del D\u00eda de la Matrona es: \u201cMujeres y reci\u00e9n\u00a0nacidos: en el coraz\u00f3n de las matronas\u201d.<\/strong><\/p>\n<p><strong><span style=\"color: #ee7cab;\">ANAMA <\/span><\/strong>c<strong>elebrar\u00e1 el viernes 6 de mayo una jornada para celebrar el d\u00eda de la matrona. La jornada que este a\u00f1o se titula: \"Maternidad en situaciones especiales, un espacio en el coraz\u00f3n de la. parparter\u00eda\". Tendr\u00e1 lugar en la sala de conferencias del Civican de P\u00edo XII (Av.P\u00edo XII n\u00ba 2) de 17:30 a 20h.<\/strong><\/p>\n<p><strong>Se trata de una Jornada abierta al p\u00fablico.<\/strong><\/p>\n","protected":false},"excerpt":{"rendered":"Cada 5 de mayo en el\u00a0D\u00eda Internacional de la Matrona celebramos los \u00e9xitos de las matronas y la importancia de nuestro trabajo. Es tambi\u00e9n un d\u00eda para reiterar y llamar la atenci\u00f3n\u00a0hacia las mejoras que todav\u00eda se necesitan para garantizar que todas las mujeres tengan acceso\u00a0a una matrona cualificada. Para una matrona, \u00bfqu\u00e9 es m\u00e1s importante que asegurarse\u00a0de que cada&nbsp;<a href=\"http:\/\/matronasdenavarra.com\/EU\/actividades\/dia-de-la-matrona\/\" class=\"read-more\">Continue Reading<\/a>","protected":false},"author":3,"featured_media":0,"parent":1939,"menu_order":2,"comment_status":"open","ping_status":"closed","template":"page-actividades.php","meta":{"footnotes":""},"class_list":["post-2083","page","type-page","status-publish","hentry"],"_links":{"self":[{"href":"http:\/\/matronasdenavarra.com\/EU\/wp-json\/wp\/v2\/pages\/2083","targetHints":{"allow":["GET"]}}],"collection":[{"href":"http:\/\/matronasdenavarra.com\/EU\/wp-json\/wp\/v2\/pages"}],"about":[{"href":"http:\/\/matronasdenavarra.com\/EU\/wp-json\/wp\/v2\/types\/page"}],"author":[{"embeddable":true,"href":"http:\/\/matronasdenavarra.com\/EU\/wp-json\/wp\/v2\/users\/3"}],"replies":[{"embeddable":true,"href":"http:\/\/matronasdenavarra.com\/EU\/wp-json\/wp\/v2\/comments?post=2083"}],"version-history":[{"count":47,"href":"http:\/\/matronasdenavarra.com\/EU\/wp-json\/wp\/v2\/pages\/2083\/revisions"}],"predecessor-version":[{"id":3386,"href":"http:\/\/matronasdenavarra.com\/EU\/wp-json\/wp\/v2\/pages\/2083\/revisions\/3386"}],"up":[{"embeddable":true,"href":"http:\/\/matronasdenavarra.com\/EU\/wp-json\/wp\/v2\/pages\/1939"}],"wp:attachment":[{"href":"http:\/\/matronasdenavarra.com\/EU\/wp-json\/wp\/v2\/media?parent=2083"}],"curies":[{"name":"wp","href":"https:\/\/api.w.org\/{rel}","templated":true}]}}