{"id":2062,"date":"2015-02-19T13:34:53","date_gmt":"2015-02-19T13:34:53","guid":{"rendered":"http:\/\/gestoresweb.piesnegros.com\/gestoresweb\/?page_id=2062"},"modified":"2016-05-03T06:27:32","modified_gmt":"2016-05-03T06:27:32","slug":"objetivos-3","status":"publish","type":"page","link":"http:\/\/matronasdenavarra.com\/EU\/la-asociacion\/objetivos-3\/","title":{"rendered":"Objetivos"},"content":{"rendered":"<h5>DIFUNDIR Y MEJORAR NUESTRO TRABAJO Y LA SALUD<\/h5>\n<h5><img loading=\"lazy\" decoding=\"async\" class=\"alignnone wp-image-3271 size-full\" src=\"http:\/\/matronasdenavarra.com\/wp\/wp-content\/uploads\/2015\/02\/bannerasociacionnuevo2.jpg\" alt=\"bannerasociacionnuevo2\" width=\"1170\" height=\"300\" srcset=\"http:\/\/matronasdenavarra.com\/wp-content\/uploads\/2015\/02\/bannerasociacionnuevo2.jpg 1170w, http:\/\/matronasdenavarra.com\/wp-content\/uploads\/2015\/02\/bannerasociacionnuevo2-300x77.jpg 300w, http:\/\/matronasdenavarra.com\/wp-content\/uploads\/2015\/02\/bannerasociacionnuevo2-1024x263.jpg 1024w\" sizes=\"auto, (max-width: 1170px) 100vw, 1170px\" \/><\/h5>\n<h5>OBJETIVOS RESPECTO A LA PROFESI\u00d3N<\/h5>\n<ul>\n<li>Fomentar y defender los <strong><span style=\"color: #ee7cab;\">valores sociales, profesionales y humanos que corresponden a la profesi\u00f3n de Matronas<\/span><\/strong> de acuerdo con las actividades que se contemplan en la definici\u00f3n de la Matrona, aceptada por la O.M.S. y tambi\u00e9n en las directivas 80\/154 y 80\/155 de la Uni\u00f3n Europea, en su aspecto jur\u00eddico, formativo, de prestigio, cultural, cient\u00edfico y de investigaci\u00f3n.<\/li>\n<\/ul>\n<ul>\n<li>Representar y defender los <strong><span style=\"color: #ee7cab;\">intereses de la Asociaci\u00f3n al margen de cualquier ideolog\u00eda pol\u00edtica<\/span><\/strong>.<\/li>\n<\/ul>\n<ul>\n<li>Difundir entre las asociadas la informaci\u00f3n pertinente que pueda contribuir a <strong><span style=\"color: #ee7cab;\">elevar el nivel cient\u00edfico-asistencial.<\/span><\/strong><\/li>\n<\/ul>\n<ul>\n<li>Establecer <strong><span style=\"color: #ee7cab;\">relaciones<\/span><\/strong> con el resto de Asociaciones.<\/li>\n<\/ul>\n<ul>\n<li>Mantener <strong><span style=\"color: #ee7cab;\">intercambios t\u00e9cnicos, culturales y cient\u00edficos<\/span><\/strong> que favorezcan el desarrollo de la profesi\u00f3n de Matrona.<\/li>\n<\/ul>\n<h5>OBJETIVOS RESPECTO A LA SOCIEDAD<\/h5>\n<ul>\n<li>Contemplar desde el \u00e1mbito de nuestra profesi\u00f3n, y en especial en lo relativo a la educaci\u00f3n sanitaria, la<strong><span style=\"color: #ee7cab;\"> eliminaci\u00f3n de todas las formas de discriminaci\u00f3n en las mujeres<\/span><\/strong>, fomentando entre ellas actitudes de autoestima y autocuidados, as\u00ed como la <strong><span style=\"color: #ee7cab;\">corresponsabilidad entre hombres y mujeres en el cuidado de los hijos\/as.<\/span><\/strong><\/li>\n<\/ul>\n<ul>\n<li>Fomentar <strong><span style=\"color: #ee7cab;\">actividades educativas<\/span><\/strong> para la mujer y la familia acerc\u00e1ndola a la poblaci\u00f3n en general.<\/li>\n<\/ul>\n<ul>\n<li>Promover reformas que contribuyan a <strong><span style=\"color: #ee7cab;\">mejorar la calidad de la atenci\u00f3n sanitaria<\/span> <\/strong>que nuestra especialidad desarrolla.<\/li>\n<\/ul>\n<ul>\n<li>Fomentar, promover y<strong><span style=\"color: #ee7cab;\"> divulgar h\u00e1bitos de vida saludables<\/span><\/strong> entre la sociedad, prestando especial atenci\u00f3n a los problemas derivados de las drogodependencias, circunstancias de exclusi\u00f3n social y la violencia familiar.<\/li>\n<\/ul>\n<blockquote>\n<h6>Documento sobre los Derechos de la Mujer: <span style=\"color: #ee7cab;\">\"Mujer, conoce tus derechos\"<\/span> que puedes descargar pinchando <strong><span style=\"color: #ee7cab;\"><a style=\"color: #ee7cab;\" title=\"Mujer, Conoce tus derechos\" href=\"\/wp-content\/uploads\/2015\/04\/derechos.pdf\" target=\"_blank\">aqu\u00ed<\/a><\/span><\/strong><\/h6>\n<\/blockquote>\n","protected":false},"excerpt":{"rendered":"DIFUNDIR Y MEJORAR NUESTRO TRABAJO Y LA SALUD OBJETIVOS RESPECTO A LA PROFESI\u00d3N Fomentar y defender los valores sociales, profesionales y humanos que corresponden a la profesi\u00f3n de Matronas de acuerdo con las actividades que se contemplan en la definici\u00f3n de la Matrona, aceptada por la O.M.S. y tambi\u00e9n en las directivas 80\/154 y 80\/155 de la Uni\u00f3n Europea, en&nbsp;<a href=\"http:\/\/matronasdenavarra.com\/EU\/la-asociacion\/objetivos-3\/\" class=\"read-more\">Continue Reading<\/a>","protected":false},"author":3,"featured_media":0,"parent":1797,"menu_order":6,"comment_status":"open","ping_status":"closed","template":"page-la-asociacion.php","meta":{"footnotes":""},"class_list":["post-2062","page","type-page","status-publish","hentry"],"_links":{"self":[{"href":"http:\/\/matronasdenavarra.com\/EU\/wp-json\/wp\/v2\/pages\/2062","targetHints":{"allow":["GET"]}}],"collection":[{"href":"http:\/\/matronasdenavarra.com\/EU\/wp-json\/wp\/v2\/pages"}],"about":[{"href":"http:\/\/matronasdenavarra.com\/EU\/wp-json\/wp\/v2\/types\/page"}],"author":[{"embeddable":true,"href":"http:\/\/matronasdenavarra.com\/EU\/wp-json\/wp\/v2\/users\/3"}],"replies":[{"embeddable":true,"href":"http:\/\/matronasdenavarra.com\/EU\/wp-json\/wp\/v2\/comments?post=2062"}],"version-history":[{"count":15,"href":"http:\/\/matronasdenavarra.com\/EU\/wp-json\/wp\/v2\/pages\/2062\/revisions"}],"predecessor-version":[{"id":3379,"href":"http:\/\/matronasdenavarra.com\/EU\/wp-json\/wp\/v2\/pages\/2062\/revisions\/3379"}],"up":[{"embeddable":true,"href":"http:\/\/matronasdenavarra.com\/EU\/wp-json\/wp\/v2\/pages\/1797"}],"wp:attachment":[{"href":"http:\/\/matronasdenavarra.com\/EU\/wp-json\/wp\/v2\/media?parent=2062"}],"curies":[{"name":"wp","href":"https:\/\/api.w.org\/{rel}","templated":true}]}}